{"id":1527,"date":"2017-07-31T11:02:53","date_gmt":"2017-07-31T11:02:53","guid":{"rendered":"https:\/\/dassolarium.ch\/?page_id=1527"},"modified":"2025-05-08T19:16:53","modified_gmt":"2025-05-08T17:16:53","slug":"home-2","status":"publish","type":"page","link":"https:\/\/dassolarium.ch\/","title":{"rendered":"Home"},"content":{"rendered":"\n\n\t\t\t<h1>\n\t\t\t\t\tDas Solarium\n\t\t\t\t<\/h1>\n\t\t\t<h3><strong>365 Tage im Jahr sanfte Br\u00e4une, Vitamin D &amp; Collagen f\u00fcr Ihr Wohlbefinden<\/strong><\/h3>\n\t<h3>NEU &#8211; AgeControl PFLICHT nach BAG &#8211; NEU<\/h3>\n\tGem\u00e4ss BAG-Verordnung ist die Nutzung von Solarien\/Collarien f\u00fcr Minderj\u00e4hrige gesetzlich untersagt.<br \/>\nDeshalb sind Sie dazu verpflichtet, Ihre Vollj\u00e4hrigkeit vor der<br \/>\nNutzung durch Ihre ID oder Ihren F\u00fchrerausweis zu best\u00e4tigen.\n<h3>Wir danken f\u00fcr Ihr Verst\u00e4ndnis.<\/h3>\n\t<h4>\u00d6ffnungszeiten: 7:00 Uhr bis 22:00 Uhr &#8211; 365 Tage im Jahr<\/h4>\n\t<h4>Parkpl\u00e4tze vorhanden | Behindertengerecht | Video\u00fcberwacht<\/h4>\n\t\t\t<h2>\n\t\t\t\t\tSo br\u00e4unt man heute!\n\t\t\t\t<\/h2>\n<p>Haben Sie Lust auf eine sanfte Br\u00e4une und eine geschmeidig zarte Haut? <\/p>\n<p>Dann sind Sie bei uns genau richtig, denn unsere Solarien sind mit der neuesten Collarium\u00ae-Technologie ausgestattet. Das einzigartige Lichttherapie-Konzept vereint das Wirkungsspektrum von UV- und Rotlicht. Dabei f\u00f6rdert das Rotspektrum die Durchblutung und verbessert somit die UV-Vertr\u00e4glichkeit. Die ausgewogene spektrale Verteilung verbessert die Direktpigmentierung um bis zu 50%. <\/p>\n\t\t\t<h2>\n\t\t\t\t\tDas Resultat!\n\t\t\t\t<\/h2>\n\t\t\t<p>Eine glatte, sanft gebr\u00e4unte Haut &amp; eine optimale Vitamin D Versorgung.\u00a0<\/p>\n\t\t\t<h1>\n\t\t\t\t\tcollarium\u00ae\n\t\t\t\t<\/h1>\n\t\t\t<h2>\n\t\t\t\t\tBr\u00e4une, Vitamin D &amp; Collagen\n\t\t\t\t<\/h2>\n\t\t\t<ul>\n<li>\n<h4>Verbesserte Direktbr\u00e4une<\/h4>\n<\/li>\n<li>\n<h4>Optimale Vitamin D Versorgung<\/h4>\n<\/li>\n<li>\n<h4>Sorgt f\u00fcr eine glatte und weiche Haut<\/h4>\n<\/li>\n<li>\n<h4>Stimuliert die Collagenproduktion<\/h4>\n<\/li>\n<li>\n<h4>Schutz der Zellen vor freien Radikalen<\/h4>\n<\/li>\n<li>\n<h4>Weniger Hautgeruch<\/h4>\n<\/li>\n<\/ul>\n\t\t\t<h2>\n\t\t\t\t\tunsere Standorte\n\t\t\t\t<\/h2>\n\t\t\t\t<img data-recalc-dims=\"1\" height=\"300\" width=\"300\" decoding=\"async\" src=\"https:\/\/i0.wp.com\/dassolarium.ch\/wp-content\/uploads\/2022\/12\/deck-chair-1.png?resize=300%2C300&#038;ssl=1\" alt=\"deck-chair\" itemprop=\"image\"\/>\n\t\t\t<h4>\n\t\t\t\t\t<a href=\"https:\/\/www.google.com\/maps\/place\/Das+Solarium\/@49.3051113,5.6616055,7z\/data=!4m10!1m2!2m1!1sdas+solarium+altendorf!3m6!1s0x479ab7a0dd26669d:0xd20bae7686d1a95a!8m2!3d47.1928821!4d8.8278873!15sChZkYXMgc29sYXJpdW0gYWx0ZW5kb3JmkgEOdGFubmluZ19zdHVkaW_gAQA!16s%2Fg%2F11tj5vr1_z\" title=\"Das Solarium Altendorf\" target=\"_blank\" rel=\"noopener\" aria-label=\"Go to https:\/\/www.google.com\/maps\/place\/Das+Solarium\/@49.3051113,5.6616055,7z\/data=!4m10!1m2!2m1!1sdas+solarium+altendorf!3m6!1s0x479ab7a0dd26669d:0xd20bae7686d1a95a!8m2!3d47.1928821!4d8.8278873!15sChZkYXMgc29sYXJpdW0gYWx0ZW5kb3JmkgEOdGFubmluZ19zdHVkaW_gAQA!16s%2Fg%2F11tj5vr1_z\">\n\t\t\t\t\t\tDas Solarium Altendorf\n\t\t\t\t\t\t<\/a>\n\t\t\t<\/h4>\n\t\t\t<p>Z\u00fcrcherstrasse 16, 8852 Altendorf<\/p>\n\t\t\t\t<img data-recalc-dims=\"1\" height=\"300\" width=\"300\" decoding=\"async\" src=\"https:\/\/i0.wp.com\/dassolarium.ch\/wp-content\/uploads\/2022\/12\/deck-chair-1.png?resize=300%2C300&#038;ssl=1\" alt=\"deck-chair\" itemprop=\"image\"\/>\n\t\t\t<h4>\n\t\t\t\t\t<a href=\"https:\/\/www.google.com\/maps\/place\/Das+Solarium\/@47.1942456,8.4401345,11z\/data=!4m10!1m2!2m1!1sdas+solarium+wollerau!3m6!1s0x479ab2286a9c1d15:0xc6d0297a36dfecfa!8m2!3d47.1942425!4d8.7203052!15sChVkYXMgc29sYXJpdW0gd29sbGVyYXWSAQ50YW5uaW5nX3N0dWRpb-ABAA!16s%2Fg%2F11h4scnd_m\" title=\"Das Solarium Wollerau\" target=\"_blank\" rel=\"noopener\" aria-label=\"Go to https:\/\/www.google.com\/maps\/place\/Das+Solarium\/@47.1942456,8.4401345,11z\/data=!4m10!1m2!2m1!1sdas+solarium+wollerau!3m6!1s0x479ab2286a9c1d15:0xc6d0297a36dfecfa!8m2!3d47.1942425!4d8.7203052!15sChVkYXMgc29sYXJpdW0gd29sbGVyYXWSAQ50YW5uaW5nX3N0dWRpb-ABAA!16s%2Fg%2F11h4scnd_m\">\n\t\t\t\t\t\tDas Solarium Wollerau\n\t\t\t\t\t\t<\/a>\n\t\t\t<\/h4>\n\t\t\t<p>Roosstrasse 10C, 8832 Wollerau<\/p>\n\t\t\t\t<img data-recalc-dims=\"1\" height=\"300\" width=\"300\" decoding=\"async\" src=\"https:\/\/i0.wp.com\/dassolarium.ch\/wp-content\/uploads\/2022\/12\/deck-chair-1.png?resize=300%2C300&#038;ssl=1\" alt=\"deck-chair\" itemprop=\"image\"\/>\n\t\t\t<h4>\n\t\t\t\t\t<a href=\"https:\/\/www.google.com\/maps\/place\/Das+Solarium\/@47.1268961,8.7426291,17z\/data=!3m1!4b1!4m5!3m4!1s0x479ab35ad14fc501:0x63928ed7fdfa0259!8m2!3d47.1268908!4d8.7471723\" title=\"Das Solarium Einsiedeln\" target=\"_blank\" rel=\"noopener\" aria-label=\"Go to https:\/\/www.google.com\/maps\/place\/Das+Solarium\/@47.1268961,8.7426291,17z\/data=!3m1!4b1!4m5!3m4!1s0x479ab35ad14fc501:0x63928ed7fdfa0259!8m2!3d47.1268908!4d8.7471723\">\n\t\t\t\t\t\tDas Solarium Einsiedeln\n\t\t\t\t\t\t<\/a>\n\t\t\t<\/h4>\n\t\t\t<p>Werner-K\u00e4linstrasse 4, 8840 Einsiedeln<\/p>\n\t\t\t<h2>\n\t\t\t\t\t3 Mal f\u00fcr Sie im Kanton Schwyz\n\t\t\t\t<\/h2>\n\t\t\t<h2>\n\t\t\t\t\tKontakt\n\t\t\t\t<\/h2>\n\t\t\t<h4>\n\t\t\t\t\t079 60 20 650\n\t\t\t\t<\/h4>\n\t\t\t<h4>\n\t\t\t\t\t<a href=\"mailto:info@dassolarium.ch\" title=\"info@dassolarium.ch\" target=\"_blank\" rel=\"noopener\" aria-label=\"Go to mailto:info@dassolarium.ch\">\n\t\t\t\t\t\tinfo@dassolarium.ch\n\t\t\t\t\t\t<\/a>\n\t\t\t<\/h4>\n\n","protected":false},"excerpt":{"rendered":"<p>Das Solarium 365 Tage im Jahr sanfte Br\u00e4une, Vitamin D &amp; Collagen f\u00fcr Ihr Wohlbefinden NEU &#8211; AgeControl PFLICHT nach BAG &#8211; NEU Gem\u00e4ss BAG-Verordnung ist die Nutzung von Solarien\/Collarien f\u00fcr Minderj\u00e4hrige gesetzlich untersagt. Deshalb sind Sie dazu verpflichtet, Ihre Vollj\u00e4hrigkeit vor der Nutzung durch Ihre ID oder Ihren F\u00fchrerausweis zu best\u00e4tigen. Wir danken f\u00fcr &hellip;<\/p>\n<p class=\"read-more\"> <a class=\"\" href=\"https:\/\/dassolarium.ch\/\"> <span class=\"screen-reader-text\">Home<\/span> Weiterlesen &raquo;<\/a><\/p>\n","protected":false},"author":1,"featured_media":0,"parent":0,"menu_order":0,"comment_status":"closed","ping_status":"closed","template":"","meta":{"site-sidebar-layout":"no-sidebar","site-content-layout":"page-builder","ast-global-header-display":"","ast-banner-title-visibility":"","ast-main-header-display":"","ast-hfb-above-header-display":"","ast-hfb-below-header-display":"","ast-hfb-mobile-header-display":"","site-post-title":"disabled","ast-breadcrumbs-content":"","ast-featured-img":"disabled","footer-sml-layout":"","theme-transparent-header-meta":"enabled","adv-header-id-meta":"","stick-header-meta":"","header-above-stick-meta":"","header-main-stick-meta":"","header-below-stick-meta":"","footnotes":""},"class_list":["post-1527","page","type-page","status-publish","hentry"],"yoast_head":"<!-- This site is optimized with the Yoast SEO plugin v27.4 - https:\/\/yoast.com\/product\/yoast-seo-wordpress\/ -->\n<title>Das Solarium | 365 Tage sanfte Br\u00e4une, Vitamin D &amp; Collagen<\/title>\n<meta name=\"description\" content=\"So br\u00e4unt man heute! Collarium\u00ae - das einzigartige Lichttherapie-Konzept vereint UV- und Rotlicht. Das Resultat - eine glatte, sanft gebr\u00e4unte Haut &amp; die beste Vitamin D Versorgung.\" \/>\n<meta name=\"robots\" content=\"index, follow, max-snippet:-1, max-image-preview:large, max-video-preview:-1\" \/>\n<link rel=\"canonical\" href=\"https:\/\/dassolarium.ch\/\" \/>\n<meta property=\"og:locale\" content=\"de_DE\" \/>\n<meta property=\"og:type\" content=\"article\" \/>\n<meta property=\"og:title\" content=\"Das Solarium | 365 Tage sanfte Br\u00e4une, Vitamin D &amp; Collagen\" \/>\n<meta property=\"og:description\" content=\"So br\u00e4unt man heute! Collarium\u00ae - das einzigartige Lichttherapie-Konzept vereint UV- und Rotlicht. Das Resultat - eine glatte, sanft gebr\u00e4unte Haut &amp; die beste Vitamin D Versorgung.\" \/>\n<meta property=\"og:url\" content=\"https:\/\/dassolarium.ch\/\" \/>\n<meta property=\"og:site_name\" content=\"Das Solarium | 365 Tage im Jahr sanfte Br\u00e4une, Vitamin D und Collagen\" \/>\n<meta property=\"article:modified_time\" content=\"2025-05-08T17:16:53+00:00\" \/>\n<meta property=\"og:image\" content=\"https:\/\/dassolarium.ch\/wp-content\/uploads\/2022\/12\/deck-chair-1-300x300.png\" \/>\n<meta name=\"twitter:card\" content=\"summary_large_image\" \/>\n<meta name=\"twitter:label1\" content=\"Gesch\u00e4tzte Lesezeit\" \/>\n\t<meta name=\"twitter:data1\" content=\"3\u00a0Minuten\" \/>\n<script type=\"application\/ld+json\" class=\"yoast-schema-graph\">{\"@context\":\"https:\\\/\\\/schema.org\",\"@graph\":[{\"@type\":\"WebPage\",\"@id\":\"https:\\\/\\\/dassolarium.ch\\\/\",\"url\":\"https:\\\/\\\/dassolarium.ch\\\/\",\"name\":\"Das Solarium | 365 Tage sanfte Br\u00e4une, Vitamin D & Collagen\",\"isPartOf\":{\"@id\":\"https:\\\/\\\/dassolarium.ch\\\/#website\"},\"primaryImageOfPage\":{\"@id\":\"https:\\\/\\\/dassolarium.ch\\\/#primaryimage\"},\"image\":{\"@id\":\"https:\\\/\\\/dassolarium.ch\\\/#primaryimage\"},\"thumbnailUrl\":\"https:\\\/\\\/dassolarium.ch\\\/wp-content\\\/uploads\\\/2022\\\/12\\\/deck-chair-1-300x300.png\",\"datePublished\":\"2017-07-31T11:02:53+00:00\",\"dateModified\":\"2025-05-08T17:16:53+00:00\",\"description\":\"So br\u00e4unt man heute! Collarium\u00ae - das einzigartige Lichttherapie-Konzept vereint UV- und Rotlicht. Das Resultat - eine glatte, sanft gebr\u00e4unte Haut & die beste Vitamin D Versorgung.\",\"breadcrumb\":{\"@id\":\"https:\\\/\\\/dassolarium.ch\\\/#breadcrumb\"},\"inLanguage\":\"de-CH\",\"potentialAction\":[{\"@type\":\"ReadAction\",\"target\":[\"https:\\\/\\\/dassolarium.ch\\\/\"]}]},{\"@type\":\"ImageObject\",\"inLanguage\":\"de-CH\",\"@id\":\"https:\\\/\\\/dassolarium.ch\\\/#primaryimage\",\"url\":\"https:\\\/\\\/i0.wp.com\\\/dassolarium.ch\\\/wp-content\\\/uploads\\\/2022\\\/12\\\/deck-chair-1.png?fit=512%2C512&ssl=1\",\"contentUrl\":\"https:\\\/\\\/i0.wp.com\\\/dassolarium.ch\\\/wp-content\\\/uploads\\\/2022\\\/12\\\/deck-chair-1.png?fit=512%2C512&ssl=1\",\"width\":512,\"height\":512},{\"@type\":\"BreadcrumbList\",\"@id\":\"https:\\\/\\\/dassolarium.ch\\\/#breadcrumb\",\"itemListElement\":[{\"@type\":\"ListItem\",\"position\":1,\"name\":\"Home\",\"item\":\"https:\\\/\\\/dassolarium.ch\\\/\"},{\"@type\":\"ListItem\",\"position\":2,\"name\":\"Home\"}]},{\"@type\":\"WebSite\",\"@id\":\"https:\\\/\\\/dassolarium.ch\\\/#website\",\"url\":\"https:\\\/\\\/dassolarium.ch\\\/\",\"name\":\"Das Solarium | 365 Tage im Jahr sanfte Br\u00e4une, Vitamin D und Collagen\",\"description\":\"\",\"publisher\":{\"@id\":\"https:\\\/\\\/dassolarium.ch\\\/#organization\"},\"potentialAction\":[{\"@type\":\"SearchAction\",\"target\":{\"@type\":\"EntryPoint\",\"urlTemplate\":\"https:\\\/\\\/dassolarium.ch\\\/?s={search_term_string}\"},\"query-input\":{\"@type\":\"PropertyValueSpecification\",\"valueRequired\":true,\"valueName\":\"search_term_string\"}}],\"inLanguage\":\"de-CH\"},{\"@type\":\"Organization\",\"@id\":\"https:\\\/\\\/dassolarium.ch\\\/#organization\",\"name\":\"Das Solarium | 365 Tage im Jahr sanfte Br\u00e4une, Vitamin D und Collagen\",\"url\":\"https:\\\/\\\/dassolarium.ch\\\/\",\"logo\":{\"@type\":\"ImageObject\",\"inLanguage\":\"de-CH\",\"@id\":\"https:\\\/\\\/dassolarium.ch\\\/#\\\/schema\\\/logo\\\/image\\\/\",\"url\":\"https:\\\/\\\/i0.wp.com\\\/dassolarium.ch\\\/wp-content\\\/uploads\\\/2023\\\/07\\\/cropped-cropped-1.png?fit=1866%2C744&ssl=1\",\"contentUrl\":\"https:\\\/\\\/i0.wp.com\\\/dassolarium.ch\\\/wp-content\\\/uploads\\\/2023\\\/07\\\/cropped-cropped-1.png?fit=1866%2C744&ssl=1\",\"width\":1866,\"height\":744,\"caption\":\"Das Solarium | 365 Tage im Jahr sanfte Br\u00e4une, Vitamin D und Collagen\"},\"image\":{\"@id\":\"https:\\\/\\\/dassolarium.ch\\\/#\\\/schema\\\/logo\\\/image\\\/\"}}]}<\/script>\n<!-- \/ Yoast SEO plugin. -->","yoast_head_json":{"title":"Das Solarium | 365 Tage sanfte Br\u00e4une, Vitamin D & Collagen","description":"So br\u00e4unt man heute! Collarium\u00ae - das einzigartige Lichttherapie-Konzept vereint UV- und Rotlicht. Das Resultat - eine glatte, sanft gebr\u00e4unte Haut & die beste Vitamin D Versorgung.","robots":{"index":"index","follow":"follow","max-snippet":"max-snippet:-1","max-image-preview":"max-image-preview:large","max-video-preview":"max-video-preview:-1"},"canonical":"https:\/\/dassolarium.ch\/","og_locale":"de_DE","og_type":"article","og_title":"Das Solarium | 365 Tage sanfte Br\u00e4une, Vitamin D & Collagen","og_description":"So br\u00e4unt man heute! Collarium\u00ae - das einzigartige Lichttherapie-Konzept vereint UV- und Rotlicht. Das Resultat - eine glatte, sanft gebr\u00e4unte Haut & die beste Vitamin D Versorgung.","og_url":"https:\/\/dassolarium.ch\/","og_site_name":"Das Solarium | 365 Tage im Jahr sanfte Br\u00e4une, Vitamin D und Collagen","article_modified_time":"2025-05-08T17:16:53+00:00","og_image":[{"url":"https:\/\/dassolarium.ch\/wp-content\/uploads\/2022\/12\/deck-chair-1-300x300.png","type":"","width":"","height":""}],"twitter_card":"summary_large_image","twitter_misc":{"Gesch\u00e4tzte Lesezeit":"3\u00a0Minuten"},"schema":{"@context":"https:\/\/schema.org","@graph":[{"@type":"WebPage","@id":"https:\/\/dassolarium.ch\/","url":"https:\/\/dassolarium.ch\/","name":"Das Solarium | 365 Tage sanfte Br\u00e4une, Vitamin D & Collagen","isPartOf":{"@id":"https:\/\/dassolarium.ch\/#website"},"primaryImageOfPage":{"@id":"https:\/\/dassolarium.ch\/#primaryimage"},"image":{"@id":"https:\/\/dassolarium.ch\/#primaryimage"},"thumbnailUrl":"https:\/\/dassolarium.ch\/wp-content\/uploads\/2022\/12\/deck-chair-1-300x300.png","datePublished":"2017-07-31T11:02:53+00:00","dateModified":"2025-05-08T17:16:53+00:00","description":"So br\u00e4unt man heute! Collarium\u00ae - das einzigartige Lichttherapie-Konzept vereint UV- und Rotlicht. Das Resultat - eine glatte, sanft gebr\u00e4unte Haut & die beste Vitamin D Versorgung.","breadcrumb":{"@id":"https:\/\/dassolarium.ch\/#breadcrumb"},"inLanguage":"de-CH","potentialAction":[{"@type":"ReadAction","target":["https:\/\/dassolarium.ch\/"]}]},{"@type":"ImageObject","inLanguage":"de-CH","@id":"https:\/\/dassolarium.ch\/#primaryimage","url":"https:\/\/i0.wp.com\/dassolarium.ch\/wp-content\/uploads\/2022\/12\/deck-chair-1.png?fit=512%2C512&ssl=1","contentUrl":"https:\/\/i0.wp.com\/dassolarium.ch\/wp-content\/uploads\/2022\/12\/deck-chair-1.png?fit=512%2C512&ssl=1","width":512,"height":512},{"@type":"BreadcrumbList","@id":"https:\/\/dassolarium.ch\/#breadcrumb","itemListElement":[{"@type":"ListItem","position":1,"name":"Home","item":"https:\/\/dassolarium.ch\/"},{"@type":"ListItem","position":2,"name":"Home"}]},{"@type":"WebSite","@id":"https:\/\/dassolarium.ch\/#website","url":"https:\/\/dassolarium.ch\/","name":"Das Solarium | 365 Tage im Jahr sanfte Br\u00e4une, Vitamin D und Collagen","description":"","publisher":{"@id":"https:\/\/dassolarium.ch\/#organization"},"potentialAction":[{"@type":"SearchAction","target":{"@type":"EntryPoint","urlTemplate":"https:\/\/dassolarium.ch\/?s={search_term_string}"},"query-input":{"@type":"PropertyValueSpecification","valueRequired":true,"valueName":"search_term_string"}}],"inLanguage":"de-CH"},{"@type":"Organization","@id":"https:\/\/dassolarium.ch\/#organization","name":"Das Solarium | 365 Tage im Jahr sanfte Br\u00e4une, Vitamin D und Collagen","url":"https:\/\/dassolarium.ch\/","logo":{"@type":"ImageObject","inLanguage":"de-CH","@id":"https:\/\/dassolarium.ch\/#\/schema\/logo\/image\/","url":"https:\/\/i0.wp.com\/dassolarium.ch\/wp-content\/uploads\/2023\/07\/cropped-cropped-1.png?fit=1866%2C744&ssl=1","contentUrl":"https:\/\/i0.wp.com\/dassolarium.ch\/wp-content\/uploads\/2023\/07\/cropped-cropped-1.png?fit=1866%2C744&ssl=1","width":1866,"height":744,"caption":"Das Solarium | 365 Tage im Jahr sanfte Br\u00e4une, Vitamin D und Collagen"},"image":{"@id":"https:\/\/dassolarium.ch\/#\/schema\/logo\/image\/"}}]}},"jetpack_sharing_enabled":true,"_links":{"self":[{"href":"https:\/\/dassolarium.ch\/index.php?rest_route=\/wp\/v2\/pages\/1527","targetHints":{"allow":["GET"]}}],"collection":[{"href":"https:\/\/dassolarium.ch\/index.php?rest_route=\/wp\/v2\/pages"}],"about":[{"href":"https:\/\/dassolarium.ch\/index.php?rest_route=\/wp\/v2\/types\/page"}],"author":[{"embeddable":true,"href":"https:\/\/dassolarium.ch\/index.php?rest_route=\/wp\/v2\/users\/1"}],"replies":[{"embeddable":true,"href":"https:\/\/dassolarium.ch\/index.php?rest_route=%2Fwp%2Fv2%2Fcomments&post=1527"}],"version-history":[{"count":30,"href":"https:\/\/dassolarium.ch\/index.php?rest_route=\/wp\/v2\/pages\/1527\/revisions"}],"predecessor-version":[{"id":1687,"href":"https:\/\/dassolarium.ch\/index.php?rest_route=\/wp\/v2\/pages\/1527\/revisions\/1687"}],"wp:attachment":[{"href":"https:\/\/dassolarium.ch\/index.php?rest_route=%2Fwp%2Fv2%2Fmedia&parent=1527"}],"curies":[{"name":"wp","href":"https:\/\/api.w.org\/{rel}","templated":true}]}}